{"id":1044,"date":"2026-02-26T12:06:10","date_gmt":"2026-02-26T12:06:10","guid":{"rendered":"https:\/\/saspow.edu.pl\/?page_id=1044"},"modified":"2026-02-26T12:06:10","modified_gmt":"2026-02-26T12:06:10","slug":"zajecia-warsztatowe-mpws-i","status":"publish","type":"page","link":"https:\/\/saspow.edu.pl\/index.php\/zajecia-warsztatowe-mpws-i\/","title":{"rendered":"Zaj\u0119cia warsztatowe MPWS I"},"content":{"rendered":"<div class=\"wpb-content-wrapper\"><p>[vc_row][vc_column][vc_column_text]<\/p>\n<p style=\"font-weight: 400;\">W\u00a0naszej szkole realizowany jest projekt\u00a0<strong>\u201eMa\u0142opolski Program Wspierania Uczni\u00f3w\u201d<\/strong>\u00a0w\u00a0ramach programu Fundusze Europejskie dla Ma\u0142opolski 2021-2027- Komponent 2: Przygotowanie rozwi\u0105za\u0144 programowych oraz\u00a0narz\u0119dzi diagnostycznych dotycz\u0105cych uczni\u00f3w zdolnych z\u00a0syndromem nieadekwatnych osi\u0105gni\u0119\u0107, a\u00a0tak\u017ce wsparcie w\u00a0tym zakresie kadry szk\u00f3\u0142 podstawowych i\u00a0uczni\u00f3w tych szk\u00f3\u0142 oraz\u00a0ich rodzic\u00f3w.\u00a0 Celem projektu jest zapewnienie wsparcia uczniom zdolnym adekwatnie do\u00a0ich predyspozycji\u00a0(klasy II\u00a0\u2013 VIII). Projekt ma\u00a0na\u00a0celu podniesienie motywacji do\u00a0nauki i\u00a0rozwoju, wzmocnienie poczucia w\u0142asnej warto\u015bci, budowanie kompetencji uczenia si\u0119 oraz\u00a0gotowo\u015bci do\u00a0rozwijania pasji i\u00a0talent\u00f3w.\u00a0 W ramach projektu odbywaj\u0105 si\u0119 zaj\u0119cia warsztatowe grupowe dla uczni\u00f3w.\u00a0\u00a0Celem og\u00f3lnym zaj\u0119\u0107 jest budowanie \u015bwiadomo\u015bci swoich mocnych i s\u0142abych stron, poczucia w\u0142asnej warto\u015bci, rozwijanie kompetencji spo\u0142ecznych, kreatywno\u015bci i umiej\u0119tno\u015bci tw\u00f3rczego rozwi\u0105zywania problem\u00f3w, a tak\u017ce rozwijanie umiej\u0119tno\u015bci uczenia si\u0119 i kszta\u0142towanie postawy przedsi\u0119biorczej. Wszyscy \u015bwietnie si\u0119 bawi\u0105 podczas wsp\u00f3lnej pracy. Przed\u00a0nami kolejne spotkania , podczas kt\u00f3rych\u00a0poruszanych b\u0119dzie wiele wa\u017cnych aspekt\u00f3w niezb\u0119dnych w\u00a0codziennym \u017cyciu.<\/p>\n<p style=\"font-weight: 400;\">Prowadz\u0105cy zaj\u0119cia : Ma\u0142gorzata Bigaj, Marzena \u0106wik<\/p>\n<p>[\/vc_column_text][\/vc_column][\/vc_row][vc_row][vc_column width=&#8221;1\/3&#8243;][vc_single_image image=&#8221;1050&#8243; img_size=&#8221;full&#8221;][vc_single_image image=&#8221;1047&#8243; img_size=&#8221;full&#8221; css=&#8221;&#8221;][\/vc_column][vc_column width=&#8221;1\/3&#8243;][vc_single_image image=&#8221;1049&#8243; img_size=&#8221;full&#8221; css=&#8221;&#8221;][vc_single_image image=&#8221;1045&#8243; img_size=&#8221;full&#8221; css=&#8221;&#8221;][\/vc_column][vc_column width=&#8221;1\/3&#8243;][vc_single_image image=&#8221;1048&#8243; img_size=&#8221;full&#8221; css=&#8221;&#8221;][\/vc_column][\/vc_row]<\/p>\n<\/div>","protected":false},"excerpt":{"rendered":"<p>[vc_row][vc_column][vc_column_text] W\u00a0naszej szkole realizowany jest projekt\u00a0\u201eMa\u0142opolski Program Wspierania Uczni\u00f3w\u201d\u00a0w\u00a0ramach programu Fundusze Europejskie dla Ma\u0142opolski 2021-2027- Komponent 2: Przygotowanie rozwi\u0105za\u0144 programowych oraz\u00a0narz\u0119dzi diagnostycznych dotycz\u0105cych uczni\u00f3w zdolnych z\u00a0syndromem nieadekwatnych osi\u0105gni\u0119\u0107, a\u00a0tak\u017ce wsparcie w\u00a0tym zakresie kadry szk\u00f3\u0142 podstawowych i\u00a0uczni\u00f3w tych szk\u00f3\u0142 oraz\u00a0ich rodzic\u00f3w.\u00a0 Celem projektu jest zapewnienie wsparcia uczniom zdolnym adekwatnie do\u00a0ich predyspozycji\u00a0(klasy II\u00a0\u2013 VIII). Projekt ma\u00a0na\u00a0celu podniesienie&hellip;<\/p>\n","protected":false},"author":2,"featured_media":1046,"parent":0,"menu_order":0,"comment_status":"closed","ping_status":"closed","template":"","meta":{"footnotes":""},"class_list":["post-1044","page","type-page","status-publish","has-post-thumbnail","hentry","description-off"],"yoast_head":"<!-- This site is optimized with the Yoast SEO plugin v27.4 - https:\/\/yoast.com\/product\/yoast-seo-wordpress\/ -->\n<title>Zaj\u0119cia warsztatowe MPWS I - Zesp&oacute;\u0142 Szkolno-Przedszkolny w S\u0105spowie<\/title>\n<meta name=\"robots\" content=\"index, follow, max-snippet:-1, max-image-preview:large, max-video-preview:-1\" \/>\n<link rel=\"canonical\" href=\"https:\/\/saspow.edu.pl\/index.php\/zajecia-warsztatowe-mpws-i\/\" \/>\n<meta property=\"og:locale\" content=\"pl_PL\" \/>\n<meta property=\"og:type\" content=\"article\" \/>\n<meta property=\"og:title\" content=\"Zaj\u0119cia warsztatowe MPWS I - Zesp&oacute;\u0142 Szkolno-Przedszkolny w S\u0105spowie\" \/>\n<meta property=\"og:description\" content=\"[vc_row][vc_column][vc_column_text] W\u00a0naszej szkole realizowany jest projekt\u00a0\u201eMa\u0142opolski Program Wspierania Uczni\u00f3w\u201d\u00a0w\u00a0ramach programu Fundusze Europejskie dla Ma\u0142opolski 2021-2027- Komponent 2: Przygotowanie rozwi\u0105za\u0144 programowych oraz\u00a0narz\u0119dzi diagnostycznych dotycz\u0105cych uczni\u00f3w zdolnych z\u00a0syndromem nieadekwatnych osi\u0105gni\u0119\u0107, a\u00a0tak\u017ce wsparcie w\u00a0tym zakresie kadry szk\u00f3\u0142 podstawowych i\u00a0uczni\u00f3w tych szk\u00f3\u0142 oraz\u00a0ich rodzic\u00f3w.\u00a0 Celem projektu jest zapewnienie wsparcia uczniom zdolnym adekwatnie do\u00a0ich predyspozycji\u00a0(klasy II\u00a0\u2013 VIII). Projekt ma\u00a0na\u00a0celu podniesienie&hellip;\" \/>\n<meta property=\"og:url\" content=\"https:\/\/saspow.edu.pl\/index.php\/zajecia-warsztatowe-mpws-i\/\" \/>\n<meta property=\"og:site_name\" content=\"Zesp&oacute;\u0142 Szkolno-Przedszkolny w S\u0105spowie\" \/>\n<meta property=\"article:publisher\" content=\"https:\/\/www.facebook.com\/profile.php?id=100057595683178\" \/>\n<meta property=\"og:image\" content=\"https:\/\/saspow.edu.pl\/wp-content\/uploads\/2026\/02\/Marzena-5.jpg\" \/>\n\t<meta property=\"og:image:width\" content=\"2048\" \/>\n\t<meta property=\"og:image:height\" content=\"1536\" \/>\n\t<meta property=\"og:image:type\" content=\"image\/jpeg\" \/>\n<meta name=\"twitter:card\" content=\"summary_large_image\" \/>\n<meta name=\"twitter:label1\" content=\"Szacowany czas czytania\" \/>\n\t<meta name=\"twitter:data1\" content=\"3 minuty\" \/>\n<script type=\"application\/ld+json\" class=\"yoast-schema-graph\">{\"@context\":\"https:\\\/\\\/schema.org\",\"@graph\":[{\"@type\":\"WebPage\",\"@id\":\"https:\\\/\\\/saspow.edu.pl\\\/index.php\\\/zajecia-warsztatowe-mpws-i\\\/\",\"url\":\"https:\\\/\\\/saspow.edu.pl\\\/index.php\\\/zajecia-warsztatowe-mpws-i\\\/\",\"name\":\"Zaj\u0119cia warsztatowe MPWS I - Zesp&oacute;\u0142 Szkolno-Przedszkolny w S\u0105spowie\",\"isPartOf\":{\"@id\":\"https:\\\/\\\/saspow.edu.pl\\\/#website\"},\"primaryImageOfPage\":{\"@id\":\"https:\\\/\\\/saspow.edu.pl\\\/index.php\\\/zajecia-warsztatowe-mpws-i\\\/#primaryimage\"},\"image\":{\"@id\":\"https:\\\/\\\/saspow.edu.pl\\\/index.php\\\/zajecia-warsztatowe-mpws-i\\\/#primaryimage\"},\"thumbnailUrl\":\"https:\\\/\\\/saspow.edu.pl\\\/wp-content\\\/uploads\\\/2026\\\/02\\\/Marzena-5.jpg\",\"datePublished\":\"2026-02-26T12:06:10+00:00\",\"breadcrumb\":{\"@id\":\"https:\\\/\\\/saspow.edu.pl\\\/index.php\\\/zajecia-warsztatowe-mpws-i\\\/#breadcrumb\"},\"inLanguage\":\"pl-PL\",\"potentialAction\":[{\"@type\":\"ReadAction\",\"target\":[\"https:\\\/\\\/saspow.edu.pl\\\/index.php\\\/zajecia-warsztatowe-mpws-i\\\/\"]}]},{\"@type\":\"ImageObject\",\"inLanguage\":\"pl-PL\",\"@id\":\"https:\\\/\\\/saspow.edu.pl\\\/index.php\\\/zajecia-warsztatowe-mpws-i\\\/#primaryimage\",\"url\":\"https:\\\/\\\/saspow.edu.pl\\\/wp-content\\\/uploads\\\/2026\\\/02\\\/Marzena-5.jpg\",\"contentUrl\":\"https:\\\/\\\/saspow.edu.pl\\\/wp-content\\\/uploads\\\/2026\\\/02\\\/Marzena-5.jpg\",\"width\":2048,\"height\":1536},{\"@type\":\"BreadcrumbList\",\"@id\":\"https:\\\/\\\/saspow.edu.pl\\\/index.php\\\/zajecia-warsztatowe-mpws-i\\\/#breadcrumb\",\"itemListElement\":[{\"@type\":\"ListItem\",\"position\":1,\"name\":\"Strona g\u0142\u00f3wna\",\"item\":\"https:\\\/\\\/saspow.edu.pl\\\/\"},{\"@type\":\"ListItem\",\"position\":2,\"name\":\"Zaj\u0119cia warsztatowe MPWS I\"}]},{\"@type\":\"WebSite\",\"@id\":\"https:\\\/\\\/saspow.edu.pl\\\/#website\",\"url\":\"https:\\\/\\\/saspow.edu.pl\\\/\",\"name\":\"Zesp\u00f3\u0142 Szkolno-Przedszkolny w S\u0105spowie\",\"description\":\"Zesp&oacute;\u0142 Szkolno-Przedszkolny w S\u0105spowie\",\"publisher\":{\"@id\":\"https:\\\/\\\/saspow.edu.pl\\\/#organization\"},\"potentialAction\":[{\"@type\":\"SearchAction\",\"target\":{\"@type\":\"EntryPoint\",\"urlTemplate\":\"https:\\\/\\\/saspow.edu.pl\\\/?s={search_term_string}\"},\"query-input\":{\"@type\":\"PropertyValueSpecification\",\"valueRequired\":true,\"valueName\":\"search_term_string\"}}],\"inLanguage\":\"pl-PL\"},{\"@type\":\"Organization\",\"@id\":\"https:\\\/\\\/saspow.edu.pl\\\/#organization\",\"name\":\"Zesp\u00f3\u0142 Szkolno-Przedszkolny w S\u0105spowie\",\"url\":\"https:\\\/\\\/saspow.edu.pl\\\/\",\"logo\":{\"@type\":\"ImageObject\",\"inLanguage\":\"pl-PL\",\"@id\":\"https:\\\/\\\/saspow.edu.pl\\\/#\\\/schema\\\/logo\\\/image\\\/\",\"url\":\"https:\\\/\\\/saspow.edu.pl\\\/wp-content\\\/uploads\\\/2025\\\/09\\\/250.png\",\"contentUrl\":\"https:\\\/\\\/saspow.edu.pl\\\/wp-content\\\/uploads\\\/2025\\\/09\\\/250.png\",\"width\":250,\"height\":97,\"caption\":\"Zesp\u00f3\u0142 Szkolno-Przedszkolny w S\u0105spowie\"},\"image\":{\"@id\":\"https:\\\/\\\/saspow.edu.pl\\\/#\\\/schema\\\/logo\\\/image\\\/\"},\"sameAs\":[\"https:\\\/\\\/www.facebook.com\\\/profile.php?id=100057595683178\"]}]}<\/script>\n<!-- \/ Yoast SEO plugin. -->","yoast_head_json":{"title":"Zaj\u0119cia warsztatowe MPWS I - Zesp&oacute;\u0142 Szkolno-Przedszkolny w S\u0105spowie","robots":{"index":"index","follow":"follow","max-snippet":"max-snippet:-1","max-image-preview":"max-image-preview:large","max-video-preview":"max-video-preview:-1"},"canonical":"https:\/\/saspow.edu.pl\/index.php\/zajecia-warsztatowe-mpws-i\/","og_locale":"pl_PL","og_type":"article","og_title":"Zaj\u0119cia warsztatowe MPWS I - Zesp&oacute;\u0142 Szkolno-Przedszkolny w S\u0105spowie","og_description":"[vc_row][vc_column][vc_column_text] W\u00a0naszej szkole realizowany jest projekt\u00a0\u201eMa\u0142opolski Program Wspierania Uczni\u00f3w\u201d\u00a0w\u00a0ramach programu Fundusze Europejskie dla Ma\u0142opolski 2021-2027- Komponent 2: Przygotowanie rozwi\u0105za\u0144 programowych oraz\u00a0narz\u0119dzi diagnostycznych dotycz\u0105cych uczni\u00f3w zdolnych z\u00a0syndromem nieadekwatnych osi\u0105gni\u0119\u0107, a\u00a0tak\u017ce wsparcie w\u00a0tym zakresie kadry szk\u00f3\u0142 podstawowych i\u00a0uczni\u00f3w tych szk\u00f3\u0142 oraz\u00a0ich rodzic\u00f3w.\u00a0 Celem projektu jest zapewnienie wsparcia uczniom zdolnym adekwatnie do\u00a0ich predyspozycji\u00a0(klasy II\u00a0\u2013 VIII). Projekt ma\u00a0na\u00a0celu podniesienie&hellip;","og_url":"https:\/\/saspow.edu.pl\/index.php\/zajecia-warsztatowe-mpws-i\/","og_site_name":"Zesp&oacute;\u0142 Szkolno-Przedszkolny w S\u0105spowie","article_publisher":"https:\/\/www.facebook.com\/profile.php?id=100057595683178","og_image":[{"width":2048,"height":1536,"url":"https:\/\/saspow.edu.pl\/wp-content\/uploads\/2026\/02\/Marzena-5.jpg","type":"image\/jpeg"}],"twitter_card":"summary_large_image","twitter_misc":{"Szacowany czas czytania":"3 minuty"},"schema":{"@context":"https:\/\/schema.org","@graph":[{"@type":"WebPage","@id":"https:\/\/saspow.edu.pl\/index.php\/zajecia-warsztatowe-mpws-i\/","url":"https:\/\/saspow.edu.pl\/index.php\/zajecia-warsztatowe-mpws-i\/","name":"Zaj\u0119cia warsztatowe MPWS I - Zesp&oacute;\u0142 Szkolno-Przedszkolny w S\u0105spowie","isPartOf":{"@id":"https:\/\/saspow.edu.pl\/#website"},"primaryImageOfPage":{"@id":"https:\/\/saspow.edu.pl\/index.php\/zajecia-warsztatowe-mpws-i\/#primaryimage"},"image":{"@id":"https:\/\/saspow.edu.pl\/index.php\/zajecia-warsztatowe-mpws-i\/#primaryimage"},"thumbnailUrl":"https:\/\/saspow.edu.pl\/wp-content\/uploads\/2026\/02\/Marzena-5.jpg","datePublished":"2026-02-26T12:06:10+00:00","breadcrumb":{"@id":"https:\/\/saspow.edu.pl\/index.php\/zajecia-warsztatowe-mpws-i\/#breadcrumb"},"inLanguage":"pl-PL","potentialAction":[{"@type":"ReadAction","target":["https:\/\/saspow.edu.pl\/index.php\/zajecia-warsztatowe-mpws-i\/"]}]},{"@type":"ImageObject","inLanguage":"pl-PL","@id":"https:\/\/saspow.edu.pl\/index.php\/zajecia-warsztatowe-mpws-i\/#primaryimage","url":"https:\/\/saspow.edu.pl\/wp-content\/uploads\/2026\/02\/Marzena-5.jpg","contentUrl":"https:\/\/saspow.edu.pl\/wp-content\/uploads\/2026\/02\/Marzena-5.jpg","width":2048,"height":1536},{"@type":"BreadcrumbList","@id":"https:\/\/saspow.edu.pl\/index.php\/zajecia-warsztatowe-mpws-i\/#breadcrumb","itemListElement":[{"@type":"ListItem","position":1,"name":"Strona g\u0142\u00f3wna","item":"https:\/\/saspow.edu.pl\/"},{"@type":"ListItem","position":2,"name":"Zaj\u0119cia warsztatowe MPWS I"}]},{"@type":"WebSite","@id":"https:\/\/saspow.edu.pl\/#website","url":"https:\/\/saspow.edu.pl\/","name":"Zesp\u00f3\u0142 Szkolno-Przedszkolny w S\u0105spowie","description":"Zesp&oacute;\u0142 Szkolno-Przedszkolny w S\u0105spowie","publisher":{"@id":"https:\/\/saspow.edu.pl\/#organization"},"potentialAction":[{"@type":"SearchAction","target":{"@type":"EntryPoint","urlTemplate":"https:\/\/saspow.edu.pl\/?s={search_term_string}"},"query-input":{"@type":"PropertyValueSpecification","valueRequired":true,"valueName":"search_term_string"}}],"inLanguage":"pl-PL"},{"@type":"Organization","@id":"https:\/\/saspow.edu.pl\/#organization","name":"Zesp\u00f3\u0142 Szkolno-Przedszkolny w S\u0105spowie","url":"https:\/\/saspow.edu.pl\/","logo":{"@type":"ImageObject","inLanguage":"pl-PL","@id":"https:\/\/saspow.edu.pl\/#\/schema\/logo\/image\/","url":"https:\/\/saspow.edu.pl\/wp-content\/uploads\/2025\/09\/250.png","contentUrl":"https:\/\/saspow.edu.pl\/wp-content\/uploads\/2025\/09\/250.png","width":250,"height":97,"caption":"Zesp\u00f3\u0142 Szkolno-Przedszkolny w S\u0105spowie"},"image":{"@id":"https:\/\/saspow.edu.pl\/#\/schema\/logo\/image\/"},"sameAs":["https:\/\/www.facebook.com\/profile.php?id=100057595683178"]}]}},"_links":{"self":[{"href":"https:\/\/saspow.edu.pl\/index.php\/wp-json\/wp\/v2\/pages\/1044","targetHints":{"allow":["GET"]}}],"collection":[{"href":"https:\/\/saspow.edu.pl\/index.php\/wp-json\/wp\/v2\/pages"}],"about":[{"href":"https:\/\/saspow.edu.pl\/index.php\/wp-json\/wp\/v2\/types\/page"}],"author":[{"embeddable":true,"href":"https:\/\/saspow.edu.pl\/index.php\/wp-json\/wp\/v2\/users\/2"}],"replies":[{"embeddable":true,"href":"https:\/\/saspow.edu.pl\/index.php\/wp-json\/wp\/v2\/comments?post=1044"}],"version-history":[{"count":1,"href":"https:\/\/saspow.edu.pl\/index.php\/wp-json\/wp\/v2\/pages\/1044\/revisions"}],"predecessor-version":[{"id":1051,"href":"https:\/\/saspow.edu.pl\/index.php\/wp-json\/wp\/v2\/pages\/1044\/revisions\/1051"}],"wp:featuredmedia":[{"embeddable":true,"href":"https:\/\/saspow.edu.pl\/index.php\/wp-json\/wp\/v2\/media\/1046"}],"wp:attachment":[{"href":"https:\/\/saspow.edu.pl\/index.php\/wp-json\/wp\/v2\/media?parent=1044"}],"curies":[{"name":"wp","href":"https:\/\/api.w.org\/{rel}","templated":true}]}}