{"id":1037,"date":"2026-02-26T11:59:27","date_gmt":"2026-02-26T11:59:27","guid":{"rendered":"https:\/\/saspow.edu.pl\/?page_id=1037"},"modified":"2026-02-26T12:01:02","modified_gmt":"2026-02-26T12:01:02","slug":"grupa-docelowa","status":"publish","type":"page","link":"https:\/\/saspow.edu.pl\/index.php\/grupa-docelowa\/","title":{"rendered":"Grupa docelowa"},"content":{"rendered":"<div class=\"wpb-content-wrapper\"><p>[vc_row][vc_column][vc_column_text]Z ko\u0144cem listopada 2025 r. zako\u0144czy\u0142 si\u0119 drugi etap diagnozy przeprowadzonej w\u00a0ramach Ma\u0142opolskiego Programu Wspierania Uczni\u00f3w. W\u00a0jej wyniku wy\u0142oniono 20 uczni\u00f3w, kt\u00f3rzy\u00a0w\u00a0dw\u00f3ch grupach (osobno uczniowie klas II-IV i\u00a0V-VIII) realizowa\u0107 b\u0119d\u0105 projekt. Od stycznia\u00a0 2026 r. ruszaj\u0105 zaj\u0119cia warsztatowe dla uczni\u00f3w.\u00a0Zaproponowana tematyka zaj\u0119\u0107 b\u0119dzie bazowa\u0107 na\u00a0zasobach uczni\u00f3w, wzmacniaj\u0105c ich poczucie warto\u015bci, co tym samym pomaga pozna\u0107 maksymalnie potencja\u0142 uczni\u00f3w. Uczniowie b\u0119d\u0105 mogli rozwija\u0107 umiej\u0119tno\u015bci uczenia si\u0119, kszta\u0142towa\u0107\u00a0 kompetencje spo\u0142eczne, osobiste, uczy\u0107 si\u0119 poszanowania i\u00a0akceptacji drugiego cz\u0142owieka, planowania w\u0142asnego rozwoju.[\/vc_column_text][\/vc_column][\/vc_row][vc_row][vc_column][vc_single_image image=&#8221;1038&#8243; img_size=&#8221;full&#8221; alignment=&#8221;center&#8221; css=&#8221;&#8221;][\/vc_column][\/vc_row]<\/p>\n<\/div>","protected":false},"excerpt":{"rendered":"<p>[vc_row][vc_column][vc_column_text]Z ko\u0144cem listopada 2025 r. zako\u0144czy\u0142 si\u0119 drugi etap diagnozy przeprowadzonej w\u00a0ramach Ma\u0142opolskiego Programu Wspierania Uczni\u00f3w. W\u00a0jej wyniku wy\u0142oniono 20 uczni\u00f3w, kt\u00f3rzy\u00a0w\u00a0dw\u00f3ch grupach (osobno uczniowie klas II-IV i\u00a0V-VIII) realizowa\u0107 b\u0119d\u0105 projekt. Od stycznia\u00a0 2026 r. ruszaj\u0105 zaj\u0119cia warsztatowe dla uczni\u00f3w.\u00a0Zaproponowana tematyka zaj\u0119\u0107 b\u0119dzie bazowa\u0107 na\u00a0zasobach uczni\u00f3w, wzmacniaj\u0105c ich poczucie warto\u015bci, co tym samym pomaga pozna\u0107&hellip;<\/p>\n","protected":false},"author":2,"featured_media":0,"parent":0,"menu_order":0,"comment_status":"closed","ping_status":"closed","template":"","meta":{"footnotes":""},"class_list":["post-1037","page","type-page","status-publish","hentry","description-off"],"yoast_head":"<!-- This site is optimized with the Yoast SEO plugin v27.4 - https:\/\/yoast.com\/product\/yoast-seo-wordpress\/ -->\n<title>Grupa docelowa - Zesp&oacute;\u0142 Szkolno-Przedszkolny w S\u0105spowie<\/title>\n<meta name=\"robots\" content=\"index, follow, max-snippet:-1, max-image-preview:large, max-video-preview:-1\" \/>\n<link rel=\"canonical\" href=\"https:\/\/saspow.edu.pl\/index.php\/grupa-docelowa\/\" \/>\n<meta property=\"og:locale\" content=\"pl_PL\" \/>\n<meta property=\"og:type\" content=\"article\" \/>\n<meta property=\"og:title\" content=\"Grupa docelowa - Zesp&oacute;\u0142 Szkolno-Przedszkolny w S\u0105spowie\" \/>\n<meta property=\"og:description\" content=\"[vc_row][vc_column][vc_column_text]Z ko\u0144cem listopada 2025 r. zako\u0144czy\u0142 si\u0119 drugi etap diagnozy przeprowadzonej w\u00a0ramach Ma\u0142opolskiego Programu Wspierania Uczni\u00f3w. W\u00a0jej wyniku wy\u0142oniono 20 uczni\u00f3w, kt\u00f3rzy\u00a0w\u00a0dw\u00f3ch grupach (osobno uczniowie klas II-IV i\u00a0V-VIII) realizowa\u0107 b\u0119d\u0105 projekt. Od stycznia\u00a0 2026 r. ruszaj\u0105 zaj\u0119cia warsztatowe dla uczni\u00f3w.\u00a0Zaproponowana tematyka zaj\u0119\u0107 b\u0119dzie bazowa\u0107 na\u00a0zasobach uczni\u00f3w, wzmacniaj\u0105c ich poczucie warto\u015bci, co tym samym pomaga pozna\u0107&hellip;\" \/>\n<meta property=\"og:url\" content=\"https:\/\/saspow.edu.pl\/index.php\/grupa-docelowa\/\" \/>\n<meta property=\"og:site_name\" content=\"Zesp&oacute;\u0142 Szkolno-Przedszkolny w S\u0105spowie\" \/>\n<meta property=\"article:publisher\" content=\"https:\/\/www.facebook.com\/profile.php?id=100057595683178\" \/>\n<meta property=\"article:modified_time\" content=\"2026-02-26T12:01:02+00:00\" \/>\n<meta name=\"twitter:card\" content=\"summary_large_image\" \/>\n<meta name=\"twitter:label1\" content=\"Szacowany czas czytania\" \/>\n\t<meta name=\"twitter:data1\" content=\"1 minuta\" \/>\n<script type=\"application\/ld+json\" class=\"yoast-schema-graph\">{\"@context\":\"https:\\\/\\\/schema.org\",\"@graph\":[{\"@type\":\"WebPage\",\"@id\":\"https:\\\/\\\/saspow.edu.pl\\\/index.php\\\/grupa-docelowa\\\/\",\"url\":\"https:\\\/\\\/saspow.edu.pl\\\/index.php\\\/grupa-docelowa\\\/\",\"name\":\"Grupa docelowa - Zesp&oacute;\u0142 Szkolno-Przedszkolny w S\u0105spowie\",\"isPartOf\":{\"@id\":\"https:\\\/\\\/saspow.edu.pl\\\/#website\"},\"datePublished\":\"2026-02-26T11:59:27+00:00\",\"dateModified\":\"2026-02-26T12:01:02+00:00\",\"breadcrumb\":{\"@id\":\"https:\\\/\\\/saspow.edu.pl\\\/index.php\\\/grupa-docelowa\\\/#breadcrumb\"},\"inLanguage\":\"pl-PL\",\"potentialAction\":[{\"@type\":\"ReadAction\",\"target\":[\"https:\\\/\\\/saspow.edu.pl\\\/index.php\\\/grupa-docelowa\\\/\"]}]},{\"@type\":\"BreadcrumbList\",\"@id\":\"https:\\\/\\\/saspow.edu.pl\\\/index.php\\\/grupa-docelowa\\\/#breadcrumb\",\"itemListElement\":[{\"@type\":\"ListItem\",\"position\":1,\"name\":\"Strona g\u0142\u00f3wna\",\"item\":\"https:\\\/\\\/saspow.edu.pl\\\/\"},{\"@type\":\"ListItem\",\"position\":2,\"name\":\"Grupa docelowa\"}]},{\"@type\":\"WebSite\",\"@id\":\"https:\\\/\\\/saspow.edu.pl\\\/#website\",\"url\":\"https:\\\/\\\/saspow.edu.pl\\\/\",\"name\":\"Zesp\u00f3\u0142 Szkolno-Przedszkolny w S\u0105spowie\",\"description\":\"Zesp&oacute;\u0142 Szkolno-Przedszkolny w S\u0105spowie\",\"publisher\":{\"@id\":\"https:\\\/\\\/saspow.edu.pl\\\/#organization\"},\"potentialAction\":[{\"@type\":\"SearchAction\",\"target\":{\"@type\":\"EntryPoint\",\"urlTemplate\":\"https:\\\/\\\/saspow.edu.pl\\\/?s={search_term_string}\"},\"query-input\":{\"@type\":\"PropertyValueSpecification\",\"valueRequired\":true,\"valueName\":\"search_term_string\"}}],\"inLanguage\":\"pl-PL\"},{\"@type\":\"Organization\",\"@id\":\"https:\\\/\\\/saspow.edu.pl\\\/#organization\",\"name\":\"Zesp\u00f3\u0142 Szkolno-Przedszkolny w S\u0105spowie\",\"url\":\"https:\\\/\\\/saspow.edu.pl\\\/\",\"logo\":{\"@type\":\"ImageObject\",\"inLanguage\":\"pl-PL\",\"@id\":\"https:\\\/\\\/saspow.edu.pl\\\/#\\\/schema\\\/logo\\\/image\\\/\",\"url\":\"https:\\\/\\\/saspow.edu.pl\\\/wp-content\\\/uploads\\\/2025\\\/09\\\/250.png\",\"contentUrl\":\"https:\\\/\\\/saspow.edu.pl\\\/wp-content\\\/uploads\\\/2025\\\/09\\\/250.png\",\"width\":250,\"height\":97,\"caption\":\"Zesp\u00f3\u0142 Szkolno-Przedszkolny w S\u0105spowie\"},\"image\":{\"@id\":\"https:\\\/\\\/saspow.edu.pl\\\/#\\\/schema\\\/logo\\\/image\\\/\"},\"sameAs\":[\"https:\\\/\\\/www.facebook.com\\\/profile.php?id=100057595683178\"]}]}<\/script>\n<!-- \/ Yoast SEO plugin. -->","yoast_head_json":{"title":"Grupa docelowa - Zesp&oacute;\u0142 Szkolno-Przedszkolny w S\u0105spowie","robots":{"index":"index","follow":"follow","max-snippet":"max-snippet:-1","max-image-preview":"max-image-preview:large","max-video-preview":"max-video-preview:-1"},"canonical":"https:\/\/saspow.edu.pl\/index.php\/grupa-docelowa\/","og_locale":"pl_PL","og_type":"article","og_title":"Grupa docelowa - Zesp&oacute;\u0142 Szkolno-Przedszkolny w S\u0105spowie","og_description":"[vc_row][vc_column][vc_column_text]Z ko\u0144cem listopada 2025 r. zako\u0144czy\u0142 si\u0119 drugi etap diagnozy przeprowadzonej w\u00a0ramach Ma\u0142opolskiego Programu Wspierania Uczni\u00f3w. W\u00a0jej wyniku wy\u0142oniono 20 uczni\u00f3w, kt\u00f3rzy\u00a0w\u00a0dw\u00f3ch grupach (osobno uczniowie klas II-IV i\u00a0V-VIII) realizowa\u0107 b\u0119d\u0105 projekt. Od stycznia\u00a0 2026 r. ruszaj\u0105 zaj\u0119cia warsztatowe dla uczni\u00f3w.\u00a0Zaproponowana tematyka zaj\u0119\u0107 b\u0119dzie bazowa\u0107 na\u00a0zasobach uczni\u00f3w, wzmacniaj\u0105c ich poczucie warto\u015bci, co tym samym pomaga pozna\u0107&hellip;","og_url":"https:\/\/saspow.edu.pl\/index.php\/grupa-docelowa\/","og_site_name":"Zesp&oacute;\u0142 Szkolno-Przedszkolny w S\u0105spowie","article_publisher":"https:\/\/www.facebook.com\/profile.php?id=100057595683178","article_modified_time":"2026-02-26T12:01:02+00:00","twitter_card":"summary_large_image","twitter_misc":{"Szacowany czas czytania":"1 minuta"},"schema":{"@context":"https:\/\/schema.org","@graph":[{"@type":"WebPage","@id":"https:\/\/saspow.edu.pl\/index.php\/grupa-docelowa\/","url":"https:\/\/saspow.edu.pl\/index.php\/grupa-docelowa\/","name":"Grupa docelowa - Zesp&oacute;\u0142 Szkolno-Przedszkolny w S\u0105spowie","isPartOf":{"@id":"https:\/\/saspow.edu.pl\/#website"},"datePublished":"2026-02-26T11:59:27+00:00","dateModified":"2026-02-26T12:01:02+00:00","breadcrumb":{"@id":"https:\/\/saspow.edu.pl\/index.php\/grupa-docelowa\/#breadcrumb"},"inLanguage":"pl-PL","potentialAction":[{"@type":"ReadAction","target":["https:\/\/saspow.edu.pl\/index.php\/grupa-docelowa\/"]}]},{"@type":"BreadcrumbList","@id":"https:\/\/saspow.edu.pl\/index.php\/grupa-docelowa\/#breadcrumb","itemListElement":[{"@type":"ListItem","position":1,"name":"Strona g\u0142\u00f3wna","item":"https:\/\/saspow.edu.pl\/"},{"@type":"ListItem","position":2,"name":"Grupa docelowa"}]},{"@type":"WebSite","@id":"https:\/\/saspow.edu.pl\/#website","url":"https:\/\/saspow.edu.pl\/","name":"Zesp\u00f3\u0142 Szkolno-Przedszkolny w S\u0105spowie","description":"Zesp&oacute;\u0142 Szkolno-Przedszkolny w S\u0105spowie","publisher":{"@id":"https:\/\/saspow.edu.pl\/#organization"},"potentialAction":[{"@type":"SearchAction","target":{"@type":"EntryPoint","urlTemplate":"https:\/\/saspow.edu.pl\/?s={search_term_string}"},"query-input":{"@type":"PropertyValueSpecification","valueRequired":true,"valueName":"search_term_string"}}],"inLanguage":"pl-PL"},{"@type":"Organization","@id":"https:\/\/saspow.edu.pl\/#organization","name":"Zesp\u00f3\u0142 Szkolno-Przedszkolny w S\u0105spowie","url":"https:\/\/saspow.edu.pl\/","logo":{"@type":"ImageObject","inLanguage":"pl-PL","@id":"https:\/\/saspow.edu.pl\/#\/schema\/logo\/image\/","url":"https:\/\/saspow.edu.pl\/wp-content\/uploads\/2025\/09\/250.png","contentUrl":"https:\/\/saspow.edu.pl\/wp-content\/uploads\/2025\/09\/250.png","width":250,"height":97,"caption":"Zesp\u00f3\u0142 Szkolno-Przedszkolny w S\u0105spowie"},"image":{"@id":"https:\/\/saspow.edu.pl\/#\/schema\/logo\/image\/"},"sameAs":["https:\/\/www.facebook.com\/profile.php?id=100057595683178"]}]}},"_links":{"self":[{"href":"https:\/\/saspow.edu.pl\/index.php\/wp-json\/wp\/v2\/pages\/1037","targetHints":{"allow":["GET"]}}],"collection":[{"href":"https:\/\/saspow.edu.pl\/index.php\/wp-json\/wp\/v2\/pages"}],"about":[{"href":"https:\/\/saspow.edu.pl\/index.php\/wp-json\/wp\/v2\/types\/page"}],"author":[{"embeddable":true,"href":"https:\/\/saspow.edu.pl\/index.php\/wp-json\/wp\/v2\/users\/2"}],"replies":[{"embeddable":true,"href":"https:\/\/saspow.edu.pl\/index.php\/wp-json\/wp\/v2\/comments?post=1037"}],"version-history":[{"count":1,"href":"https:\/\/saspow.edu.pl\/index.php\/wp-json\/wp\/v2\/pages\/1037\/revisions"}],"predecessor-version":[{"id":1039,"href":"https:\/\/saspow.edu.pl\/index.php\/wp-json\/wp\/v2\/pages\/1037\/revisions\/1039"}],"wp:attachment":[{"href":"https:\/\/saspow.edu.pl\/index.php\/wp-json\/wp\/v2\/media?parent=1037"}],"curies":[{"name":"wp","href":"https:\/\/api.w.org\/{rel}","templated":true}]}}